{"id":2675,"date":"2024-04-04T08:00:00","date_gmt":"2024-04-04T06:00:00","guid":{"rendered":"podlove-2024-04-02t14:43:09+00:00-b295134f33138d8"},"modified":"2024-04-29T20:46:50","modified_gmt":"2024-04-29T18:46:50","slug":"ffe31-bodenlos-kampf-um-die-lebensgrundlage","status":"publish","type":"podcast","link":"https:\/\/www.florianschwinn.de\/wordpress\/ffe31-bodenlos-kampf-um-die-lebensgrundlage\/","title":{"rendered":"FFE31 Bodenlos &#8211; Kampf um die Lebensgrundlage"},"content":{"rendered":"\n    \n            <div class=\"podlove-web-player intrinsic-ignore podlove-web-player-loading\" id=\"player-69f16645e1b32\"><root data-test=\"player--xl\" style=\"max-width:950px;min-width:260px;\">\n  <div class=\"tablet:px-6 tablet:pt-6 mobile:px-4 mobile:pt-4 flex flex-col\">\n    <div class=\"flex-col items-center mobile:flex tablet:hidden\">\n      <show-title class=\"text-sm\"><\/show-title>\n      <episode-title class=\"text-base mb-2\"><\/episode-title>\n      <subscribe-button class=\"mb-4 mobile:flex tablet:hidden\"><\/subscribe-button>\n      <poster class=\"rounded-sm w-48 shadow overflow-hidden\"><\/poster>\n      <divider class=\"w-full my-6\"><\/divider>\n    <\/div>\n\n    <div class=\"tablet:flex flex-grow\">\n      <div class=\"w-64 mobile:hidden tablet:block tablet:mr-6\">\n        <poster class=\"rounded-sm shadow overflow-hidden\"><\/poster>\n      <\/div>\n      <div class=\"w-full\">\n        <div class=\"hidden tablet:block\">\n          <show-title class=\"text-base\"><\/show-title>\n          <episode-title class=\"text-xl desktop:text-2xl\"><\/episode-title>\n          <divider class=\"w-full my-4\"><\/divider>\n        <\/div>\n        <div class=\"flex items-center justify-between\">\n          <div class=\"block\">\n            <play-state on=\"active\">\n              <speed-control class=\"flex items-center\"><\/speed-control>\n            <\/play-state>\n          <\/div>\n\n          <div class=\"flex\">\n            <play-state on=\"active\">\n              <chapter-previous class=\"mx-2 block\"><\/chapter-previous>\n            <\/play-state>\n            <play-state on=\"active\">\n              <step-backward class=\"mx-2 block\"><\/step-backward>\n            <\/play-state>\n\n            <play-button class=\"mx-2 block\" :label=\"$t('PLAYER.PLAY_EPISODE')\"><\/play-button>\n\n            <play-state on=\"active\">\n              <step-forward class=\"mx-2 block\"><\/step-forward>\n            <\/play-state>\n            <play-state on=\"active\">\n              <chapter-next class=\"mx-2 block\"><\/chapter-next>\n            <\/play-state>\n          <\/div>\n\n          <div class=\"block\">\n            <play-state on=\"active\">\n              <volume-control class=\"flex items-center\"><\/volume-control>\n            <\/play-state>\n          <\/div>\n        <\/div>\n        <div class=\"flex w-full\">\n          <progress-bar><\/progress-bar>\n        <\/div>\n        <div class=\"flex w-full -mt-2\">\n          <div class=\"w-3\/12 text-left\">\n            <timer-current class=\"text-sm\"><\/timer-current>\n          <\/div>\n          <div class=\"w-6\/12 text-center truncate\">\n            <play-state on=\"active\">\n              <current-chapter class=\"text-sm\"><\/current-chapter>\n            <\/play-state>\n          <\/div>\n          <div class=\"w-3\/12 text-right\">\n            <timer-duration class=\"text-sm\"><\/timer-duration>\n          <\/div>\n        <\/div>\n      <\/div>\n    <\/div>\n    <divider class=\"w-full mt-6 mb-3\"><\/divider>\n    <div class=\"flex justify-between\">\n      <div class=\"flex mobile:w-full tablet:w-3\/12 desktop:w-3\/12 justify-between\">\n        <tab-trigger tab=\"chapters\">\n          <icon type=\"chapter\"><\/icon>\n        <\/tab-trigger>\n        <tab-trigger tab=\"transcripts\">\n          <icon type=\"transcripts\"><\/icon>\n        <\/tab-trigger>\n        <tab-trigger tab=\"files\">\n          <icon type=\"download\"><\/icon>\n        <\/tab-trigger>\n        <tab-trigger tab=\"playlist\">\n          <icon type=\"playlist\"><\/icon>\n        <\/tab-trigger>\n        <tab-trigger tab=\"share\">\n          <icon type=\"share\"><\/icon>\n        <\/tab-trigger>\n      <\/div>\n      <subscribe-button class=\"mt-1 mobile:hidden tablet:flex\"><\/subscribe-button>\n    <\/div>\n  <\/div>\n  <div class=\"w-full relative overflow-hidden\">\n    <tab name=\"chapters\">\n      <tab-chapters><\/tab-chapters>\n    <\/tab>\n    <tab name=\"transcripts\">\n      <tab-transcripts><\/tab-transcripts>\n    <\/tab>\n    <tab name=\"files\">\n      <tab-files><\/tab-files>\n    <\/tab>\n    <tab name=\"playlist\">\n      <tab-playlist><\/tab-playlist>\n    <\/tab>\n    <tab name=\"share\">\n      <tab-share><\/tab-share>\n    <\/tab>\n    <tab-overflow><\/tab-overflow>\n  <\/div>\n  <error><\/error>\n<\/root>\n<\/div>\n            <script>\n              document.addEventListener(\"DOMContentLoaded\", function() {\n                var player = document.getElementById(\"player-69f16645e1b32\");\n                podlovePlayerCache.add([{\"url\":\"https:\\\/\\\/www.florianschwinn.de\\\/wordpress\\\/wp-json\\\/podlove-web-player\\\/shortcode\\\/publisher\\\/2675\",\"data\":{\"version\":5,\"show\":{\"title\":\"F\\u00fchrerschein f\\u00fcr Einkaufswagen\",\"subtitle\":\"Hintergrundwissen f\\u00fcr bewussten Konsum\",\"summary\":\"Unser Konsumverhalten ist klimawirksam und bestimmt soziale und \\u00f6kologische Zusammenh\\u00e4nge mit. Jeden Tag stimmen wir mit dar\\u00fcber ab, wie gewirtschaftet, wie produziert, wie verarbeitet und geliefert wird. Durch bewusstes Konsumverhalten k\\u00f6nnen wir Wirtschaftsweisen f\\u00f6rdern, die mit den arbeitenden Menschen, mit den Ressourcen, mit der Natur schonender umgehen, als dies derzeit der Fall ist. Oder wir k\\u00f6nnen weiter wirtschaften lassen, wie bisher.\",\"poster\":\"https:\\\/\\\/www.florianschwinn.de\\\/wordpress\\\/wp-content\\\/cache\\\/podlove\\\/35\\\/c4178085ca4dd71b2f69629e526724\\\/fuehrerschein-fuer-einkaufswagen_500x.jpg\",\"link\":\"https:\\\/\\\/www.florianschwinn.de\\\/wordpress\\\/podcast\\\/\"},\"title\":\"FFE31 Bodenlos - Kampf um die Lebensgrundlage\",\"subtitle\":\"In dieser Ausgabe des Podcasts geht es um wirklich Grunds\\u00e4tzliches. Es geht um die Grundlage unseres Lebens - um den Boden. Um den ist ein Verteilungskampf entbrannt - dargestellt im Buch \\\"Der Grund\\\".\",\"summary\":\"In dieser Ausgabe des Podcasts geht es um wirklich Grunds\\u00e4tzliches. Es geht um die Grundlage unseres Lebens - um den Boden. Jedem von uns stehen rein rechnerisch nur 2000 Quadratmeter Ackerland zur Verf\\u00fcgung. Das muss reichen, um einen Menschen zu ern\\u00e4hren, mehr ist n\\u00e4mlich nicht da. Entsprechend umk\\u00e4mpft ist der Boden weltweit, und auch bei uns. Dargestellt im Buch \\\"Der Grund\\\".\",\"publicationDate\":\"2024-04-04T08:00:00+02:00\",\"duration\":\"00:32:38.884\",\"poster\":\"https:\\\/\\\/www.florianschwinn.de\\\/wordpress\\\/wp-content\\\/cache\\\/podlove\\\/35\\\/c4178085ca4dd71b2f69629e526724\\\/fuehrerschein-fuer-einkaufswagen_500x.jpg\",\"link\":\"https:\\\/\\\/www.florianschwinn.de\\\/wordpress\\\/ffe31-bodenlos-kampf-um-die-lebensgrundlage\\\/\",\"chapters\":[],\"audio\":[{\"url\":\"https:\\\/\\\/www.florianschwinn.de\\\/wordpress\\\/podlove\\\/file\\\/104\\\/s\\\/webplayer\\\/c\\\/website\\\/FFE031.m4a\",\"size\":\"32064392\",\"title\":\"MPEG-4 AAC Audio (m4a)\",\"mimeType\":\"audio\\\/mp4\"},{\"url\":\"https:\\\/\\\/www.florianschwinn.de\\\/wordpress\\\/podlove\\\/file\\\/105\\\/s\\\/webplayer\\\/c\\\/website\\\/FFE031.ogg\",\"size\":\"24329310\",\"title\":\"Ogg Vorbis Audio (ogg)\",\"mimeType\":\"audio\\\/ogg\"},{\"url\":\"https:\\\/\\\/www.florianschwinn.de\\\/wordpress\\\/podlove\\\/file\\\/106\\\/s\\\/webplayer\\\/c\\\/website\\\/FFE031.mp3\",\"size\":\"47013226\",\"title\":\"MP3 Audio (mp3)\",\"mimeType\":\"audio\\\/mpeg\"}],\"files\":[{\"url\":\"https:\\\/\\\/www.florianschwinn.de\\\/wordpress\\\/podlove\\\/file\\\/106\\\/s\\\/webplayer\\\/FFE031.mp3\",\"size\":\"47013226\",\"title\":\"MP3 Audio\",\"mimeType\":\"audio\\\/mpeg\"},{\"url\":\"https:\\\/\\\/www.florianschwinn.de\\\/wordpress\\\/podlove\\\/file\\\/104\\\/s\\\/webplayer\\\/FFE031.m4a\",\"size\":\"32064392\",\"title\":\"MPEG-4 AAC Audio\",\"mimeType\":\"audio\\\/mp4\"},{\"url\":\"https:\\\/\\\/www.florianschwinn.de\\\/wordpress\\\/podlove\\\/file\\\/105\\\/s\\\/webplayer\\\/FFE031.ogg\",\"size\":\"24329310\",\"title\":\"Ogg Vorbis Audio\",\"mimeType\":\"audio\\\/ogg\"}],\"contributors\":[{\"id\":\"4\",\"name\":\"Tanja Busse\",\"avatar\":\"https:\\\/\\\/www.florianschwinn.de\\\/wordpress\\\/wp-content\\\/cache\\\/podlove\\\/36\\\/108167e984a6738b1f0ff689c08d9a\\\/tanja-busse_150x150.jpg\",\"role\":null,\"group\":null,\"comment\":\"Autorin\"},{\"id\":\"53\",\"name\":\"Christiane Grefe\",\"avatar\":\"https:\\\/\\\/www.florianschwinn.de\\\/wordpress\\\/podlove\\\/image\\\/68747470733a2f2f7777772e666c6f7269616e73636877696e6e2e64652f776f726470726573732f77702d636f6e74656e742f75706c6f6164732f323032342f30342f43687269737469616e652d47726566652d4b6f70662e6a7067\\\/150\\\/150\\\/0\\\/christiane-grefe\",\"role\":null,\"group\":null,\"comment\":\"Autorin\"}]}}, {\"url\":\"https:\\\/\\\/www.florianschwinn.de\\\/wordpress\\\/wp-json\\\/podlove-web-player\\\/shortcode\\\/config\\\/default\\\/theme\\\/default\",\"data\":{\"activeTab\":\"chapters\",\"subscribe-button\":null,\"share\":{\"channels\":[\"facebook\",\"twitter\",\"whats-app\",\"linkedin\",\"pinterest\",\"xing\",\"mail\",\"link\"],\"outlet\":\"https:\\\/\\\/www.florianschwinn.de\\\/wordpress\\\/wp-content\\\/plugins\\\/podlove-web-player\\\/web-player\\\/share.html\",\"sharePlaytime\":true},\"related-episodes\":{\"source\":\"disabled\",\"value\":null},\"version\":5,\"theme\":{\"tokens\":{\"brand\":\"#E64415\",\"brandDark\":\"#235973\",\"brandDarkest\":\"#1A3A4A\",\"brandLightest\":\"#E9F1F5\",\"shadeDark\":\"#807E7C\",\"shadeBase\":\"#807E7C\",\"contrast\":\"#000\",\"alt\":\"#fff\"},\"fonts\":{\"ci\":{\"name\":\"ci\",\"family\":[\"-apple-system\",\"BlinkMacSystemFont\",\"Segoe UI\",\"Roboto\",\"Helvetica\",\"Arial\",\"sans-serif\",\"Apple Color Emoji\",\"Segoe UI Emoji\\\", \\\"Segoe UI Symbol\"],\"src\":[],\"weight\":800},\"regular\":{\"name\":\"regular\",\"family\":[\"-apple-system\",\"BlinkMacSystemFont\",\"Segoe UI\",\"Roboto\",\"Helvetica\",\"Arial\",\"sans-serif\",\"Apple Color Emoji\",\"Segoe UI Emoji\\\", \\\"Segoe UI Symbol\"],\"src\":[],\"weight\":300},\"bold\":{\"name\":\"bold\",\"family\":[\"-apple-system\",\"BlinkMacSystemFont\",\"Segoe UI\",\"Roboto\",\"Helvetica\",\"Arial\",\"sans-serif\",\"Apple Color Emoji\",\"Segoe UI Emoji\\\", \\\"Segoe UI Symbol\"],\"src\":[],\"weight\":700}}},\"base\":\"https:\\\/\\\/www.florianschwinn.de\\\/wordpress\\\/wp-content\\\/plugins\\\/podlove-web-player\\\/web-player\\\/\"}}]);\n                podlovePlayer(player, \"https:\/\/www.florianschwinn.de\/wordpress\/wp-json\/podlove-web-player\/shortcode\/publisher\/2675\", \"https:\/\/www.florianschwinn.de\/wordpress\/wp-json\/podlove-web-player\/shortcode\/config\/default\/theme\/default\").then(function() {\n                  player && player.classList.remove(\"podlove-web-player-loading\");\n                });\n              });\n            <\/script>\n            <style>\n              .podlove-web-player.podlove-web-player-loading {\n                opacity: 0;\n              }\n            <\/style>\n        \n\n\n    \n\n\t<div class=\"podlove-contributors-cards\">\n\t\t\t\t\t\n\t\t\t\t<div class=\"podlove-contributors-card\">\n\t\t\t\t\t<div class=\"podlove-contributors-card-inner\">\n\t\t\t\t\t\t<div class=\"podlove-contributors-card-avatar\">\n\t\t\t\t\t\t\t\n<img loading=\"lazy\" decoding=\"async\" alt=\"avatar\" width=\"50\" height=\"50\" src=\"https:\/\/www.florianschwinn.de\/wordpress\/wp-content\/cache\/podlove\/36\/108167e984a6738b1f0ff689c08d9a\/tanja-busse_50x50.jpg\" srcset=\"https:\/\/www.florianschwinn.de\/wordpress\/wp-content\/cache\/podlove\/36\/108167e984a6738b1f0ff689c08d9a\/tanja-busse_50x50.jpg 1x, https:\/\/www.florianschwinn.de\/wordpress\/wp-content\/cache\/podlove\/36\/108167e984a6738b1f0ff689c08d9a\/tanja-busse_100x.jpg 2x, https:\/\/www.florianschwinn.de\/wordpress\/wp-content\/cache\/podlove\/36\/108167e984a6738b1f0ff689c08d9a\/tanja-busse_150x.jpg 3x\"\/>\n\n\t\t\t\t\t\t<\/div>\n\t\t\t\t\t\t<div class=\"podlove-contributors-card-person\">\n\t\t\t\t\t\t\t<div style=\"align-self: center\">\n\t\t\t\t\t\t\t\t<div style=\"font-weight: 400;\">Tanja Busse<\/div>\n\t\t\t\t\t\t\t\t\t\t\t\t\t\t\t\t\t<div class=\"podlove-contributors-card-person-details\">\n\t\t\t\t\t\t\t\t\t\t<span>Autorin<\/span>\n\t\t\t\t\t\t\t\t\t<\/div>\n\t\t\t\t\t\t\t\t\t\t\t\t\t\t\t<\/div>\n\t\t\t\t\t\t\t<div class=\"podlove-contributors-card-services\">\n\t\t\t\t\t\t\t\t\t\t\t\t\t\t\t\t\t\t\t\t\t\t\t\t\t\t\t\t\t\t\t\t\t\t\t\t\t\t\t\t<\/div>\n\t\t\t\t\t\t<\/div>\n\t\t\t\t\t<\/div>\n\t\t\t\t<\/div>\n\n\t\t\t\t\t\t\t\t\n\t\t\t\t<div class=\"podlove-contributors-card\">\n\t\t\t\t\t<div class=\"podlove-contributors-card-inner\">\n\t\t\t\t\t\t<div class=\"podlove-contributors-card-avatar\">\n\t\t\t\t\t\t\t\n<img loading=\"lazy\" decoding=\"async\" alt=\"avatar\" width=\"50\" height=\"50\" src=\"https:\/\/www.florianschwinn.de\/wordpress\/wp-content\/cache\/podlove\/29\/027df03fecd08b91ece6b92d937470\/christiane-grefe_50x50.jpg\" srcset=\"https:\/\/www.florianschwinn.de\/wordpress\/wp-content\/cache\/podlove\/29\/027df03fecd08b91ece6b92d937470\/christiane-grefe_50x50.jpg 1x, https:\/\/www.florianschwinn.de\/wordpress\/podlove\/image\/68747470733a2f2f7777772e666c6f7269616e73636877696e6e2e64652f776f726470726573732f77702d636f6e74656e742f75706c6f6164732f323032342f30342f43687269737469616e652d47726566652d4b6f70662e6a7067\/100\/0\/0\/christiane-grefe 2x\"\/>\n\n\t\t\t\t\t\t<\/div>\n\t\t\t\t\t\t<div class=\"podlove-contributors-card-person\">\n\t\t\t\t\t\t\t<div style=\"align-self: center\">\n\t\t\t\t\t\t\t\t<div style=\"font-weight: 400;\">Christiane Grefe<\/div>\n\t\t\t\t\t\t\t\t\t\t\t\t\t\t\t\t\t<div class=\"podlove-contributors-card-person-details\">\n\t\t\t\t\t\t\t\t\t\t<span>Autorin<\/span>\n\t\t\t\t\t\t\t\t\t<\/div>\n\t\t\t\t\t\t\t\t\t\t\t\t\t\t\t<\/div>\n\t\t\t\t\t\t\t<div class=\"podlove-contributors-card-services\">\n\t\t\t\t\t\t\t\t\t\t\t\t\t\t\t\t\t\t\t\t\t\t\t\t\t\t\t\t\t\t\t\t\t\t\t\t\t\t\t\t<\/div>\n\t\t\t\t\t\t<\/div>\n\t\t\t\t\t<\/div>\n\t\t\t\t<\/div>\n\n\t\t\t\t\t\t<\/div>\n\n\t<style>\n\t\t.podlove-contributors-cards {\n\t\t\tmargin-bottom: 1rem;\n\t\t\tbackground: white;\n\t\t\toverflow: hidden;\n\t\t\tborder-radius: 0.375rem;\n\t\t\tbox-shadow: 0 1px 3px 0 rgba(0, 0, 0, 0.1), 0 1px 2px 0 rgba(0, 0, 0, 0.06);\n\t\t}\n\t\t.podlove-contributors-card {\n\t\t\tdisplay: flex;\n\t\t\talign-items: center;\n\t\t\tpadding: 1rem 1.5rem\n\t\t}\n\t\t.podlove-contributors-card-inner {\n\t\t\tdisplay: flex;\n\t\t\talign-items: center;\n\t\t\tflex: 1 1 0;\n\t\t\tmin-width: 0;\n\t\t}\n\t\t.podlove-contributors-card-avatar {\n\t\t\twidth: 50px;\n\t\t\theight: 50px;\n\t\t\tborder-radius: 0.25rem;\n\t\t\toverflow: hidden;\n\t\t\tflex-shrink: 0;\n\t\t}\n\t\t.podlove-contributors-card-person {\n\t\t\tflex: 1 1 0;\n\t\t\tmin-width: 0;\n\t\t\tpadding: 0 1rem;\n\t\t\tdisplay: grid;\n\t\t\tgrid-template-columns: repeat(2, minmax(0, 1fr));\n\t\t\tgap: 1rem;\n\t\t}\n\t\t.podlove-contributors-card-person-details {\n\t\t\tcolor: #999\n\t\t}\n\t\t.podlove-contributors-card-services {\n\t\t\tflex-wrap: wrap;\n\t\t\tdisplay: flex;\n\t\t\talign-items: center;\n\t\t\talign-content: center;\n\t\t\tjustify-content: flex-end;\n\t\t}\n\t\t.podlove-contributors-card-services-service {\n\t\t\tdisplay: inline-block;\n\t\t\tflex-shrink: 0;\n\t\t\tpadding-left: 0.5rem;\n\t\t\ttext-decoration: none;\n\t\t\tbox-shadow: none;\n\t\t}\n\t<\/style>\n\n\n\n<p>F\u00fchrerschein f\u00fcr Einkaufswagen \u2013 jeden ersten Donnerstag im Monat neu<\/p>\n","protected":false},"author":1,"featured_media":0,"template":"","meta":{"footnotes":""},"categories":[8,89,35,49,48,3,44],"tags":[37,157,158],"class_list":["post-2675","podcast","type-podcast","status-publish","hentry","category-agrarpolitik","category-biodiversitaet","category-bodenfruchtbarkeit","category-ernaehrung","category-klima","category-landwirtschaft","category-naturschutz","tag-bodenleben","tag-bodenpolitik","tag-landgrabbing","infinite-scroll-item","post"],"yoast_head":"<!-- This site is optimized with the Yoast SEO plugin v27.5 - https:\/\/yoast.com\/product\/yoast-seo-wordpress\/ -->\n<title>FFE31 Bodenlos - Kampf um die Lebensgrundlage<\/title>\n<meta name=\"description\" content=\"Hier geht es um wirklich Grunds\u00e4tzliches. Es geht um die Grundlage unseres Lebens - um den Boden. Um den ist ein Verteilungskampf entbrannt.\" \/>\n<meta name=\"robots\" content=\"index, follow, max-snippet:-1, max-image-preview:large, max-video-preview:-1\" \/>\n<link rel=\"canonical\" href=\"https:\/\/www.florianschwinn.de\/wordpress\/ffe31-bodenlos-kampf-um-die-lebensgrundlage\/\" \/>\n<meta property=\"og:locale\" content=\"de_DE\" \/>\n<meta property=\"og:type\" content=\"article\" \/>\n<meta property=\"og:title\" content=\"FFE31 Bodenlos - Kampf um die Lebensgrundlage\" \/>\n<meta property=\"og:description\" content=\"Hier geht es um wirklich Grunds\u00e4tzliches. Es geht um die Grundlage unseres Lebens - um den Boden. Um den ist ein Verteilungskampf entbrannt.\" \/>\n<meta property=\"og:url\" content=\"https:\/\/www.florianschwinn.de\/wordpress\/ffe31-bodenlos-kampf-um-die-lebensgrundlage\/\" \/>\n<meta property=\"og:site_name\" content=\"F\u00fchrerschein f\u00fcr Einkaufswagen\" \/>\n<meta property=\"article:modified_time\" content=\"2024-04-29T18:46:50+00:00\" \/>\n<meta name=\"twitter:card\" content=\"summary_large_image\" \/>\n<meta name=\"twitter:site\" content=\"@Journaille\" \/>\n<meta name=\"twitter:label1\" content=\"Gesch\u00e4tzte Lesezeit\" \/>\n\t<meta name=\"twitter:data1\" content=\"1\u00a0Minute\" \/>\n<script type=\"application\/ld+json\" class=\"yoast-schema-graph\">{\"@context\":\"https:\\\/\\\/schema.org\",\"@graph\":[{\"@type\":\"WebPage\",\"@id\":\"https:\\\/\\\/www.florianschwinn.de\\\/wordpress\\\/ffe31-bodenlos-kampf-um-die-lebensgrundlage\\\/\",\"url\":\"https:\\\/\\\/www.florianschwinn.de\\\/wordpress\\\/ffe31-bodenlos-kampf-um-die-lebensgrundlage\\\/\",\"name\":\"FFE31 Bodenlos - Kampf um die Lebensgrundlage\",\"isPartOf\":{\"@id\":\"https:\\\/\\\/www.florianschwinn.de\\\/wordpress\\\/#website\"},\"datePublished\":\"2024-04-04T06:00:00+00:00\",\"dateModified\":\"2024-04-29T18:46:50+00:00\",\"description\":\"Hier geht es um wirklich Grunds\u00e4tzliches. Es geht um die Grundlage unseres Lebens - um den Boden. Um den ist ein Verteilungskampf entbrannt.\",\"breadcrumb\":{\"@id\":\"https:\\\/\\\/www.florianschwinn.de\\\/wordpress\\\/ffe31-bodenlos-kampf-um-die-lebensgrundlage\\\/#breadcrumb\"},\"inLanguage\":\"de\",\"potentialAction\":[{\"@type\":\"ReadAction\",\"target\":[\"https:\\\/\\\/www.florianschwinn.de\\\/wordpress\\\/ffe31-bodenlos-kampf-um-die-lebensgrundlage\\\/\"]}]},{\"@type\":\"BreadcrumbList\",\"@id\":\"https:\\\/\\\/www.florianschwinn.de\\\/wordpress\\\/ffe31-bodenlos-kampf-um-die-lebensgrundlage\\\/#breadcrumb\",\"itemListElement\":[{\"@type\":\"ListItem\",\"position\":1,\"name\":\"Startseite\",\"item\":\"https:\\\/\\\/www.florianschwinn.de\\\/wordpress\\\/\"},{\"@type\":\"ListItem\",\"position\":2,\"name\":\"Episoden\",\"item\":\"https:\\\/\\\/www.florianschwinn.de\\\/wordpress\\\/podcast\\\/\"},{\"@type\":\"ListItem\",\"position\":3,\"name\":\"FFE31 Bodenlos &#8211; Kampf um die Lebensgrundlage\"}]},{\"@type\":\"WebSite\",\"@id\":\"https:\\\/\\\/www.florianschwinn.de\\\/wordpress\\\/#website\",\"url\":\"https:\\\/\\\/www.florianschwinn.de\\\/wordpress\\\/\",\"name\":\"F\u00fchrerschein f\u00fcr Einkaufswagen\",\"description\":\"Hintergrundwissen f\u00fcr bewussten Konsum\",\"publisher\":{\"@id\":\"https:\\\/\\\/www.florianschwinn.de\\\/wordpress\\\/#organization\"},\"potentialAction\":[{\"@type\":\"SearchAction\",\"target\":{\"@type\":\"EntryPoint\",\"urlTemplate\":\"https:\\\/\\\/www.florianschwinn.de\\\/wordpress\\\/?s={search_term_string}\"},\"query-input\":{\"@type\":\"PropertyValueSpecification\",\"valueRequired\":true,\"valueName\":\"search_term_string\"}}],\"inLanguage\":\"de\"},{\"@type\":\"Organization\",\"@id\":\"https:\\\/\\\/www.florianschwinn.de\\\/wordpress\\\/#organization\",\"name\":\"F\u00fchrerschein f\u00fcr Einkaufswagen\",\"url\":\"https:\\\/\\\/www.florianschwinn.de\\\/wordpress\\\/\",\"logo\":{\"@type\":\"ImageObject\",\"inLanguage\":\"de\",\"@id\":\"https:\\\/\\\/www.florianschwinn.de\\\/wordpress\\\/#\\\/schema\\\/logo\\\/image\\\/\",\"url\":\"https:\\\/\\\/www.florianschwinn.de\\\/wordpress\\\/wp-content\\\/uploads\\\/2021\\\/08\\\/PodcastCover-scaled.jpg\",\"contentUrl\":\"https:\\\/\\\/www.florianschwinn.de\\\/wordpress\\\/wp-content\\\/uploads\\\/2021\\\/08\\\/PodcastCover-scaled.jpg\",\"width\":2560,\"height\":2560,\"caption\":\"F\u00fchrerschein f\u00fcr Einkaufswagen\"},\"image\":{\"@id\":\"https:\\\/\\\/www.florianschwinn.de\\\/wordpress\\\/#\\\/schema\\\/logo\\\/image\\\/\"},\"sameAs\":[\"https:\\\/\\\/x.com\\\/Journaille\"]}]}<\/script>\n<!-- \/ Yoast SEO plugin. -->","yoast_head_json":{"title":"FFE31 Bodenlos - Kampf um die Lebensgrundlage","description":"Hier geht es um wirklich Grunds\u00e4tzliches. Es geht um die Grundlage unseres Lebens - um den Boden. Um den ist ein Verteilungskampf entbrannt.","robots":{"index":"index","follow":"follow","max-snippet":"max-snippet:-1","max-image-preview":"max-image-preview:large","max-video-preview":"max-video-preview:-1"},"canonical":"https:\/\/www.florianschwinn.de\/wordpress\/ffe31-bodenlos-kampf-um-die-lebensgrundlage\/","og_locale":"de_DE","og_type":"article","og_title":"FFE31 Bodenlos - Kampf um die Lebensgrundlage","og_description":"Hier geht es um wirklich Grunds\u00e4tzliches. Es geht um die Grundlage unseres Lebens - um den Boden. Um den ist ein Verteilungskampf entbrannt.","og_url":"https:\/\/www.florianschwinn.de\/wordpress\/ffe31-bodenlos-kampf-um-die-lebensgrundlage\/","og_site_name":"F\u00fchrerschein f\u00fcr Einkaufswagen","article_modified_time":"2024-04-29T18:46:50+00:00","twitter_card":"summary_large_image","twitter_site":"@Journaille","twitter_misc":{"Gesch\u00e4tzte Lesezeit":"1\u00a0Minute"},"schema":{"@context":"https:\/\/schema.org","@graph":[{"@type":"WebPage","@id":"https:\/\/www.florianschwinn.de\/wordpress\/ffe31-bodenlos-kampf-um-die-lebensgrundlage\/","url":"https:\/\/www.florianschwinn.de\/wordpress\/ffe31-bodenlos-kampf-um-die-lebensgrundlage\/","name":"FFE31 Bodenlos - Kampf um die Lebensgrundlage","isPartOf":{"@id":"https:\/\/www.florianschwinn.de\/wordpress\/#website"},"datePublished":"2024-04-04T06:00:00+00:00","dateModified":"2024-04-29T18:46:50+00:00","description":"Hier geht es um wirklich Grunds\u00e4tzliches. Es geht um die Grundlage unseres Lebens - um den Boden. Um den ist ein Verteilungskampf entbrannt.","breadcrumb":{"@id":"https:\/\/www.florianschwinn.de\/wordpress\/ffe31-bodenlos-kampf-um-die-lebensgrundlage\/#breadcrumb"},"inLanguage":"de","potentialAction":[{"@type":"ReadAction","target":["https:\/\/www.florianschwinn.de\/wordpress\/ffe31-bodenlos-kampf-um-die-lebensgrundlage\/"]}]},{"@type":"BreadcrumbList","@id":"https:\/\/www.florianschwinn.de\/wordpress\/ffe31-bodenlos-kampf-um-die-lebensgrundlage\/#breadcrumb","itemListElement":[{"@type":"ListItem","position":1,"name":"Startseite","item":"https:\/\/www.florianschwinn.de\/wordpress\/"},{"@type":"ListItem","position":2,"name":"Episoden","item":"https:\/\/www.florianschwinn.de\/wordpress\/podcast\/"},{"@type":"ListItem","position":3,"name":"FFE31 Bodenlos &#8211; Kampf um die Lebensgrundlage"}]},{"@type":"WebSite","@id":"https:\/\/www.florianschwinn.de\/wordpress\/#website","url":"https:\/\/www.florianschwinn.de\/wordpress\/","name":"F\u00fchrerschein f\u00fcr Einkaufswagen","description":"Hintergrundwissen f\u00fcr bewussten Konsum","publisher":{"@id":"https:\/\/www.florianschwinn.de\/wordpress\/#organization"},"potentialAction":[{"@type":"SearchAction","target":{"@type":"EntryPoint","urlTemplate":"https:\/\/www.florianschwinn.de\/wordpress\/?s={search_term_string}"},"query-input":{"@type":"PropertyValueSpecification","valueRequired":true,"valueName":"search_term_string"}}],"inLanguage":"de"},{"@type":"Organization","@id":"https:\/\/www.florianschwinn.de\/wordpress\/#organization","name":"F\u00fchrerschein f\u00fcr Einkaufswagen","url":"https:\/\/www.florianschwinn.de\/wordpress\/","logo":{"@type":"ImageObject","inLanguage":"de","@id":"https:\/\/www.florianschwinn.de\/wordpress\/#\/schema\/logo\/image\/","url":"https:\/\/www.florianschwinn.de\/wordpress\/wp-content\/uploads\/2021\/08\/PodcastCover-scaled.jpg","contentUrl":"https:\/\/www.florianschwinn.de\/wordpress\/wp-content\/uploads\/2021\/08\/PodcastCover-scaled.jpg","width":2560,"height":2560,"caption":"F\u00fchrerschein f\u00fcr Einkaufswagen"},"image":{"@id":"https:\/\/www.florianschwinn.de\/wordpress\/#\/schema\/logo\/image\/"},"sameAs":["https:\/\/x.com\/Journaille"]}]}},"_links":{"self":[{"href":"https:\/\/www.florianschwinn.de\/wordpress\/wp-json\/wp\/v2\/episodes\/2675","targetHints":{"allow":["GET"]}}],"collection":[{"href":"https:\/\/www.florianschwinn.de\/wordpress\/wp-json\/wp\/v2\/episodes"}],"about":[{"href":"https:\/\/www.florianschwinn.de\/wordpress\/wp-json\/wp\/v2\/types\/podcast"}],"author":[{"embeddable":true,"href":"https:\/\/www.florianschwinn.de\/wordpress\/wp-json\/wp\/v2\/users\/1"}],"version-history":[{"count":1,"href":"https:\/\/www.florianschwinn.de\/wordpress\/wp-json\/wp\/v2\/episodes\/2675\/revisions"}],"predecessor-version":[{"id":2676,"href":"https:\/\/www.florianschwinn.de\/wordpress\/wp-json\/wp\/v2\/episodes\/2675\/revisions\/2676"}],"wp:attachment":[{"href":"https:\/\/www.florianschwinn.de\/wordpress\/wp-json\/wp\/v2\/media?parent=2675"}],"wp:term":[{"taxonomy":"category","embeddable":true,"href":"https:\/\/www.florianschwinn.de\/wordpress\/wp-json\/wp\/v2\/categories?post=2675"},{"taxonomy":"post_tag","embeddable":true,"href":"https:\/\/www.florianschwinn.de\/wordpress\/wp-json\/wp\/v2\/tags?post=2675"}],"curies":[{"name":"wp","href":"https:\/\/api.w.org\/{rel}","templated":true}]}}