{"id":3100,"date":"2025-04-03T08:00:00","date_gmt":"2025-04-03T06:00:00","guid":{"rendered":"1cee1a51-c831-495a-81bb-78fead0d9746"},"modified":"2025-04-01T09:14:43","modified_gmt":"2025-04-01T07:14:43","slug":"ffe041-o-schoener-weide-wald","status":"publish","type":"podcast","link":"https:\/\/www.florianschwinn.de\/wordpress\/ffe041-o-schoener-weide-wald\/","title":{"rendered":"FFE041 O sch\u00f6ner Weide-Wald"},"content":{"rendered":"\n    \n            <div class=\"podlove-web-player intrinsic-ignore podlove-web-player-loading\" id=\"player-69f38165a43c9\"><root data-test=\"player--xl\" style=\"max-width:950px;min-width:260px;\">\n  <div class=\"tablet:px-6 tablet:pt-6 mobile:px-4 mobile:pt-4 flex flex-col\">\n    <div class=\"flex-col items-center mobile:flex tablet:hidden\">\n      <show-title class=\"text-sm\"><\/show-title>\n      <episode-title class=\"text-base mb-2\"><\/episode-title>\n      <subscribe-button class=\"mb-4 mobile:flex tablet:hidden\"><\/subscribe-button>\n      <poster class=\"rounded-sm w-48 shadow overflow-hidden\"><\/poster>\n      <divider class=\"w-full my-6\"><\/divider>\n    <\/div>\n\n    <div class=\"tablet:flex flex-grow\">\n      <div class=\"w-64 mobile:hidden tablet:block tablet:mr-6\">\n        <poster class=\"rounded-sm shadow overflow-hidden\"><\/poster>\n      <\/div>\n      <div class=\"w-full\">\n        <div class=\"hidden tablet:block\">\n          <show-title class=\"text-base\"><\/show-title>\n          <episode-title class=\"text-xl desktop:text-2xl\"><\/episode-title>\n          <divider class=\"w-full my-4\"><\/divider>\n        <\/div>\n        <div class=\"flex items-center justify-between\">\n          <div class=\"block\">\n            <play-state on=\"active\">\n              <speed-control class=\"flex items-center\"><\/speed-control>\n            <\/play-state>\n          <\/div>\n\n          <div class=\"flex\">\n            <play-state on=\"active\">\n              <chapter-previous class=\"mx-2 block\"><\/chapter-previous>\n            <\/play-state>\n            <play-state on=\"active\">\n              <step-backward class=\"mx-2 block\"><\/step-backward>\n            <\/play-state>\n\n            <play-button class=\"mx-2 block\" :label=\"$t('PLAYER.PLAY_EPISODE')\"><\/play-button>\n\n            <play-state on=\"active\">\n              <step-forward class=\"mx-2 block\"><\/step-forward>\n            <\/play-state>\n            <play-state on=\"active\">\n              <chapter-next class=\"mx-2 block\"><\/chapter-next>\n            <\/play-state>\n          <\/div>\n\n          <div class=\"block\">\n            <play-state on=\"active\">\n              <volume-control class=\"flex items-center\"><\/volume-control>\n            <\/play-state>\n          <\/div>\n        <\/div>\n        <div class=\"flex w-full\">\n          <progress-bar><\/progress-bar>\n        <\/div>\n        <div class=\"flex w-full -mt-2\">\n          <div class=\"w-3\/12 text-left\">\n            <timer-current class=\"text-sm\"><\/timer-current>\n          <\/div>\n          <div class=\"w-6\/12 text-center truncate\">\n            <play-state on=\"active\">\n              <current-chapter class=\"text-sm\"><\/current-chapter>\n            <\/play-state>\n          <\/div>\n          <div class=\"w-3\/12 text-right\">\n            <timer-duration class=\"text-sm\"><\/timer-duration>\n          <\/div>\n        <\/div>\n      <\/div>\n    <\/div>\n    <divider class=\"w-full mt-6 mb-3\"><\/divider>\n    <div class=\"flex justify-between\">\n      <div class=\"flex mobile:w-full tablet:w-3\/12 desktop:w-3\/12 justify-between\">\n        <tab-trigger tab=\"chapters\">\n          <icon type=\"chapter\"><\/icon>\n        <\/tab-trigger>\n        <tab-trigger tab=\"transcripts\">\n          <icon type=\"transcripts\"><\/icon>\n        <\/tab-trigger>\n        <tab-trigger tab=\"files\">\n          <icon type=\"download\"><\/icon>\n        <\/tab-trigger>\n        <tab-trigger tab=\"playlist\">\n          <icon type=\"playlist\"><\/icon>\n        <\/tab-trigger>\n        <tab-trigger tab=\"share\">\n          <icon type=\"share\"><\/icon>\n        <\/tab-trigger>\n      <\/div>\n      <subscribe-button class=\"mt-1 mobile:hidden tablet:flex\"><\/subscribe-button>\n    <\/div>\n  <\/div>\n  <div class=\"w-full relative overflow-hidden\">\n    <tab name=\"chapters\">\n      <tab-chapters><\/tab-chapters>\n    <\/tab>\n    <tab name=\"transcripts\">\n      <tab-transcripts><\/tab-transcripts>\n    <\/tab>\n    <tab name=\"files\">\n      <tab-files><\/tab-files>\n    <\/tab>\n    <tab name=\"playlist\">\n      <tab-playlist><\/tab-playlist>\n    <\/tab>\n    <tab name=\"share\">\n      <tab-share><\/tab-share>\n    <\/tab>\n    <tab-overflow><\/tab-overflow>\n  <\/div>\n  <error><\/error>\n<\/root>\n<\/div>\n            <script>\n              document.addEventListener(\"DOMContentLoaded\", function() {\n                var player = document.getElementById(\"player-69f38165a43c9\");\n                podlovePlayerCache.add([{\"url\":\"https:\\\/\\\/www.florianschwinn.de\\\/wordpress\\\/wp-json\\\/podlove-web-player\\\/shortcode\\\/publisher\\\/3100\",\"data\":{\"version\":5,\"show\":{\"title\":\"F\\u00fchrerschein f\\u00fcr Einkaufswagen\",\"subtitle\":\"Hintergrundwissen f\\u00fcr bewussten Konsum\",\"summary\":\"Unser Konsumverhalten ist klimawirksam und bestimmt soziale und \\u00f6kologische Zusammenh\\u00e4nge mit. Jeden Tag stimmen wir mit dar\\u00fcber ab, wie gewirtschaftet, wie produziert, wie verarbeitet und geliefert wird. Durch bewusstes Konsumverhalten k\\u00f6nnen wir Wirtschaftsweisen f\\u00f6rdern, die mit den arbeitenden Menschen, mit den Ressourcen, mit der Natur schonender umgehen, als dies derzeit der Fall ist. Oder wir k\\u00f6nnen weiter wirtschaften lassen, wie bisher.\",\"poster\":\"https:\\\/\\\/www.florianschwinn.de\\\/wordpress\\\/wp-content\\\/cache\\\/podlove\\\/35\\\/c4178085ca4dd71b2f69629e526724\\\/fuehrerschein-fuer-einkaufswagen_500x.jpg\",\"link\":\"https:\\\/\\\/www.florianschwinn.de\\\/wordpress\\\/podcast\\\/\"},\"title\":\"FFE041 O sch\\u00f6ner Weide-Wald\",\"subtitle\":\"Der deutsche Wald ist zur CO2-Quelle geworden. Die B\\u00e4ume helfen nicht mehr beim Klimaschutz. Was tun? Ganz einfach: Die Waldweide ist die L\\u00f6sung!\",\"summary\":\"Ein neues Buch \\u00fcber \\\"Unsere W\\u00e4lder\\\" pl\\u00e4diert f\\u00fcr einen radikalen Umbau - zur\\u00fcck zur urspr\\u00fcnglichen Natur, zur Wald-Weide. Denn die gro\\u00dfen Pflanzenfresser pr\\u00e4gten die urspr\\u00fcngliche Landschaft Europas, bis unsere Vorfahren sie ausrotteten. Unser Rinder k\\u00f6nnen sie ersetzen: f\\u00fcr Klimaschutz, Bodengesundheit und Artenvielfalt.\",\"publicationDate\":\"2025-04-03T08:00:00+02:00\",\"duration\":\"00:30:56.116\",\"poster\":\"https:\\\/\\\/www.florianschwinn.de\\\/wordpress\\\/wp-content\\\/cache\\\/podlove\\\/35\\\/c4178085ca4dd71b2f69629e526724\\\/fuehrerschein-fuer-einkaufswagen_500x.jpg\",\"link\":\"https:\\\/\\\/www.florianschwinn.de\\\/wordpress\\\/ffe041-o-schoener-weide-wald\\\/\",\"chapters\":[],\"audio\":[{\"url\":\"https:\\\/\\\/www.florianschwinn.de\\\/wordpress\\\/podlove\\\/file\\\/140\\\/s\\\/webplayer\\\/c\\\/website\\\/FFE041.m4a\",\"size\":\"30382363\",\"title\":\"MPEG-4 AAC Audio (m4a)\",\"mimeType\":\"audio\\\/mp4\"},{\"url\":\"https:\\\/\\\/www.florianschwinn.de\\\/wordpress\\\/podlove\\\/file\\\/142\\\/s\\\/webplayer\\\/c\\\/website\\\/FFE041.ogg\",\"size\":\"22580010\",\"title\":\"Ogg Vorbis Audio (ogg)\",\"mimeType\":\"audio\\\/ogg\"},{\"url\":\"https:\\\/\\\/www.florianschwinn.de\\\/wordpress\\\/podlove\\\/file\\\/141\\\/s\\\/webplayer\\\/c\\\/website\\\/FFE041.mp3\",\"size\":\"44546786\",\"title\":\"MP3 Audio (mp3)\",\"mimeType\":\"audio\\\/mpeg\"}],\"files\":[{\"url\":\"https:\\\/\\\/www.florianschwinn.de\\\/wordpress\\\/podlove\\\/file\\\/141\\\/s\\\/webplayer\\\/FFE041.mp3\",\"size\":\"44546786\",\"title\":\"MP3 Audio\",\"mimeType\":\"audio\\\/mpeg\"},{\"url\":\"https:\\\/\\\/www.florianschwinn.de\\\/wordpress\\\/podlove\\\/file\\\/140\\\/s\\\/webplayer\\\/FFE041.m4a\",\"size\":\"30382363\",\"title\":\"MPEG-4 AAC Audio\",\"mimeType\":\"audio\\\/mp4\"},{\"url\":\"https:\\\/\\\/www.florianschwinn.de\\\/wordpress\\\/podlove\\\/file\\\/142\\\/s\\\/webplayer\\\/FFE041.ogg\",\"size\":\"22580010\",\"title\":\"Ogg Vorbis Audio\",\"mimeType\":\"audio\\\/ogg\"}],\"contributors\":[{\"id\":\"16\",\"name\":\"Gerd K\\u00e4mmer\",\"avatar\":\"https:\\\/\\\/www.florianschwinn.de\\\/wordpress\\\/wp-content\\\/cache\\\/podlove\\\/4d\\\/577119895bce85ce85cfe3b1f97792\\\/gerd-kaemmer_150x150.jpg\",\"role\":null,\"group\":null,\"comment\":\"Vorstand Bunde Wischen eG\"},{\"id\":\"69\",\"name\":\"Jan Haft\",\"avatar\":\"https:\\\/\\\/www.florianschwinn.de\\\/wordpress\\\/wp-content\\\/cache\\\/podlove\\\/6d\\\/b503b2971cb299255c6f953e38711e\\\/jan-haft_150x150.jpg\",\"role\":null,\"group\":null,\"comment\":\"Naturfilmer und Autor\"}]}}, {\"url\":\"https:\\\/\\\/www.florianschwinn.de\\\/wordpress\\\/wp-json\\\/podlove-web-player\\\/shortcode\\\/config\\\/default\\\/theme\\\/default\",\"data\":{\"activeTab\":\"chapters\",\"subscribe-button\":null,\"share\":{\"channels\":[\"facebook\",\"twitter\",\"whats-app\",\"linkedin\",\"pinterest\",\"xing\",\"mail\",\"link\"],\"outlet\":\"https:\\\/\\\/www.florianschwinn.de\\\/wordpress\\\/wp-content\\\/plugins\\\/podlove-web-player\\\/web-player\\\/share.html\",\"sharePlaytime\":true},\"related-episodes\":{\"source\":\"disabled\",\"value\":null},\"version\":5,\"theme\":{\"tokens\":{\"brand\":\"#E64415\",\"brandDark\":\"#235973\",\"brandDarkest\":\"#1A3A4A\",\"brandLightest\":\"#E9F1F5\",\"shadeDark\":\"#807E7C\",\"shadeBase\":\"#807E7C\",\"contrast\":\"#000\",\"alt\":\"#fff\"},\"fonts\":{\"ci\":{\"name\":\"ci\",\"family\":[\"-apple-system\",\"BlinkMacSystemFont\",\"Segoe UI\",\"Roboto\",\"Helvetica\",\"Arial\",\"sans-serif\",\"Apple Color Emoji\",\"Segoe UI Emoji\\\", \\\"Segoe UI Symbol\"],\"src\":[],\"weight\":800},\"regular\":{\"name\":\"regular\",\"family\":[\"-apple-system\",\"BlinkMacSystemFont\",\"Segoe UI\",\"Roboto\",\"Helvetica\",\"Arial\",\"sans-serif\",\"Apple Color Emoji\",\"Segoe UI Emoji\\\", \\\"Segoe UI Symbol\"],\"src\":[],\"weight\":300},\"bold\":{\"name\":\"bold\",\"family\":[\"-apple-system\",\"BlinkMacSystemFont\",\"Segoe UI\",\"Roboto\",\"Helvetica\",\"Arial\",\"sans-serif\",\"Apple Color Emoji\",\"Segoe UI Emoji\\\", \\\"Segoe UI Symbol\"],\"src\":[],\"weight\":700}}},\"base\":\"https:\\\/\\\/www.florianschwinn.de\\\/wordpress\\\/wp-content\\\/plugins\\\/podlove-web-player\\\/web-player\\\/\"}}]);\n                podlovePlayer(player, \"https:\/\/www.florianschwinn.de\/wordpress\/wp-json\/podlove-web-player\/shortcode\/publisher\/3100\", \"https:\/\/www.florianschwinn.de\/wordpress\/wp-json\/podlove-web-player\/shortcode\/config\/default\/theme\/default\").then(function() {\n                  player && player.classList.remove(\"podlove-web-player-loading\");\n                });\n              });\n            <\/script>\n            <style>\n              .podlove-web-player.podlove-web-player-loading {\n                opacity: 0;\n              }\n            <\/style>\n        \n\n\n    \n\n\t<div class=\"podlove-contributors-cards\">\n\t\t\t\t\t\n\t\t\t\t<div class=\"podlove-contributors-card\">\n\t\t\t\t\t<div class=\"podlove-contributors-card-inner\">\n\t\t\t\t\t\t<div class=\"podlove-contributors-card-avatar\">\n\t\t\t\t\t\t\t\n<img loading=\"lazy\" decoding=\"async\" alt=\"avatar\" width=\"50\" height=\"50\" src=\"https:\/\/www.florianschwinn.de\/wordpress\/wp-content\/cache\/podlove\/4d\/577119895bce85ce85cfe3b1f97792\/gerd-kaemmer_50x50.jpg\" srcset=\"https:\/\/www.florianschwinn.de\/wordpress\/wp-content\/cache\/podlove\/4d\/577119895bce85ce85cfe3b1f97792\/gerd-kaemmer_50x50.jpg 1x, https:\/\/www.florianschwinn.de\/wordpress\/podlove\/image\/68747470733a2f2f7777772e666c6f7269616e73636877696e6e2e64652f776f726470726573732f77702d636f6e74656e742f75706c6f6164732f323032322f30372f476572644b61656d6d65722d7363616c65642e6a7067\/100\/0\/0\/gerd-kaemmer 2x, https:\/\/www.florianschwinn.de\/wordpress\/podlove\/image\/68747470733a2f2f7777772e666c6f7269616e73636877696e6e2e64652f776f726470726573732f77702d636f6e74656e742f75706c6f6164732f323032322f30372f476572644b61656d6d65722d7363616c65642e6a7067\/150\/0\/0\/gerd-kaemmer 3x\"\/>\n\n\t\t\t\t\t\t<\/div>\n\t\t\t\t\t\t<div class=\"podlove-contributors-card-person\">\n\t\t\t\t\t\t\t<div style=\"align-self: center\">\n\t\t\t\t\t\t\t\t<div style=\"font-weight: 400;\">Gerd K\u00e4mmer<\/div>\n\t\t\t\t\t\t\t\t\t\t\t\t\t\t\t\t\t<div class=\"podlove-contributors-card-person-details\">\n\t\t\t\t\t\t\t\t\t\t<span>Vorstand Bunde Wischen eG<\/span>\n\t\t\t\t\t\t\t\t\t<\/div>\n\t\t\t\t\t\t\t\t\t\t\t\t\t\t\t<\/div>\n\t\t\t\t\t\t\t<div class=\"podlove-contributors-card-services\">\n\t\t\t\t\t\t\t\t\t\t\t\t\t\t\t\t\t\t\t\t\t\t\t\t\t\t\t\t\t\t\t\t\t\t\t\t\t\t\t\t<\/div>\n\t\t\t\t\t\t<\/div>\n\t\t\t\t\t<\/div>\n\t\t\t\t<\/div>\n\n\t\t\t\t\t\t\t\t\n\t\t\t\t<div class=\"podlove-contributors-card\">\n\t\t\t\t\t<div class=\"podlove-contributors-card-inner\">\n\t\t\t\t\t\t<div class=\"podlove-contributors-card-avatar\">\n\t\t\t\t\t\t\t\n<img loading=\"lazy\" decoding=\"async\" alt=\"avatar\" width=\"50\" height=\"50\" src=\"https:\/\/www.florianschwinn.de\/wordpress\/wp-content\/cache\/podlove\/6d\/b503b2971cb299255c6f953e38711e\/jan-haft_50x50.jpg\" srcset=\"https:\/\/www.florianschwinn.de\/wordpress\/wp-content\/cache\/podlove\/6d\/b503b2971cb299255c6f953e38711e\/jan-haft_50x50.jpg 1x, https:\/\/www.florianschwinn.de\/wordpress\/podlove\/image\/68747470733a2f2f7777772e666c6f7269616e73636877696e6e2e64652f776f726470726573732f77702d636f6e74656e742f75706c6f6164732f323032352f30342f4a616e486166742d4b6f70662e6a7067\/100\/0\/0\/jan-haft 2x, https:\/\/www.florianschwinn.de\/wordpress\/podlove\/image\/68747470733a2f2f7777772e666c6f7269616e73636877696e6e2e64652f776f726470726573732f77702d636f6e74656e742f75706c6f6164732f323032352f30342f4a616e486166742d4b6f70662e6a7067\/150\/0\/0\/jan-haft 3x\"\/>\n\n\t\t\t\t\t\t<\/div>\n\t\t\t\t\t\t<div class=\"podlove-contributors-card-person\">\n\t\t\t\t\t\t\t<div style=\"align-self: center\">\n\t\t\t\t\t\t\t\t<div style=\"font-weight: 400;\">Jan Haft<\/div>\n\t\t\t\t\t\t\t\t\t\t\t\t\t\t\t\t\t<div class=\"podlove-contributors-card-person-details\">\n\t\t\t\t\t\t\t\t\t\t<span>Naturfilmer und Autor<\/span>\n\t\t\t\t\t\t\t\t\t<\/div>\n\t\t\t\t\t\t\t\t\t\t\t\t\t\t\t<\/div>\n\t\t\t\t\t\t\t<div class=\"podlove-contributors-card-services\">\n\t\t\t\t\t\t\t\t\t\t\t\t\t\t\t\t\t\t\t\t\t\t\t\t\t\t\t\t\t\t\t\t\t\t\t\t\t\t\t\t<\/div>\n\t\t\t\t\t\t<\/div>\n\t\t\t\t\t<\/div>\n\t\t\t\t<\/div>\n\n\t\t\t\t\t\t<\/div>\n\n\t<style>\n\t\t.podlove-contributors-cards {\n\t\t\tmargin-bottom: 1rem;\n\t\t\tbackground: white;\n\t\t\toverflow: hidden;\n\t\t\tborder-radius: 0.375rem;\n\t\t\tbox-shadow: 0 1px 3px 0 rgba(0, 0, 0, 0.1), 0 1px 2px 0 rgba(0, 0, 0, 0.06);\n\t\t}\n\t\t.podlove-contributors-card {\n\t\t\tdisplay: flex;\n\t\t\talign-items: center;\n\t\t\tpadding: 1rem 1.5rem\n\t\t}\n\t\t.podlove-contributors-card-inner {\n\t\t\tdisplay: flex;\n\t\t\talign-items: center;\n\t\t\tflex: 1 1 0;\n\t\t\tmin-width: 0;\n\t\t}\n\t\t.podlove-contributors-card-avatar {\n\t\t\twidth: 50px;\n\t\t\theight: 50px;\n\t\t\tborder-radius: 0.25rem;\n\t\t\toverflow: hidden;\n\t\t\tflex-shrink: 0;\n\t\t}\n\t\t.podlove-contributors-card-person {\n\t\t\tflex: 1 1 0;\n\t\t\tmin-width: 0;\n\t\t\tpadding: 0 1rem;\n\t\t\tdisplay: grid;\n\t\t\tgrid-template-columns: repeat(2, minmax(0, 1fr));\n\t\t\tgap: 1rem;\n\t\t}\n\t\t.podlove-contributors-card-person-details {\n\t\t\tcolor: #999\n\t\t}\n\t\t.podlove-contributors-card-services {\n\t\t\tflex-wrap: wrap;\n\t\t\tdisplay: flex;\n\t\t\talign-items: center;\n\t\t\talign-content: center;\n\t\t\tjustify-content: flex-end;\n\t\t}\n\t\t.podlove-contributors-card-services-service {\n\t\t\tdisplay: inline-block;\n\t\t\tflex-shrink: 0;\n\t\t\tpadding-left: 0.5rem;\n\t\t\ttext-decoration: none;\n\t\t\tbox-shadow: none;\n\t\t}\n\t<\/style>\n\n\n\n<p>F\u00fchrerschein f\u00fcr Einkaufswagen \u2013 jeden ersten Donnerstag im Monat neu<\/p>\n","protected":false},"author":1,"featured_media":0,"template":"","meta":{"footnotes":""},"categories":[89,35,49,62,48,44,2,120,68],"tags":[54,7,71,168],"class_list":["post-3100","podcast","type-podcast","status-publish","hentry","category-biodiversitaet","category-bodenfruchtbarkeit","category-ernaehrung","category-insekten","category-klima","category-naturschutz","category-tierhaltung","category-tierwohl","category-weidehaltung","tag-fleisch","tag-gemeinsame-agrarpolitik-gap","tag-tierwohl","tag-wald","infinite-scroll-item","post"],"yoast_head":"<!-- This site is optimized with the Yoast SEO plugin v27.5 - https:\/\/yoast.com\/product\/yoast-seo-wordpress\/ -->\n<title>FFE041 O sch\u00f6ner Weide-Wald<\/title>\n<meta name=\"description\" content=\"Der deutsche Wald ist zur CO2-Quelle geworden. Die B\u00e4ume helfen nicht mehr beim Klimaschutz. Was tun? Ganz einfach: Die Waldweide ist die L\u00f6sung!\" \/>\n<meta name=\"robots\" content=\"index, follow, max-snippet:-1, max-image-preview:large, max-video-preview:-1\" \/>\n<link rel=\"canonical\" href=\"https:\/\/www.florianschwinn.de\/wordpress\/ffe041-o-schoener-weide-wald\/\" \/>\n<meta property=\"og:locale\" content=\"de_DE\" \/>\n<meta property=\"og:type\" content=\"article\" \/>\n<meta property=\"og:title\" content=\"FFE041 O sch\u00f6ner Weide-Wald\" \/>\n<meta property=\"og:description\" content=\"Der deutsche Wald ist zur CO2-Quelle geworden. Die B\u00e4ume helfen nicht mehr beim Klimaschutz. Was tun? Ganz einfach: Die Waldweide ist die L\u00f6sung!\" \/>\n<meta property=\"og:url\" content=\"https:\/\/www.florianschwinn.de\/wordpress\/ffe041-o-schoener-weide-wald\/\" \/>\n<meta property=\"og:site_name\" content=\"F\u00fchrerschein f\u00fcr Einkaufswagen\" \/>\n<meta name=\"twitter:card\" content=\"summary_large_image\" \/>\n<meta name=\"twitter:site\" content=\"@Journaille\" \/>\n<meta name=\"twitter:label1\" content=\"Gesch\u00e4tzte Lesezeit\" \/>\n\t<meta name=\"twitter:data1\" content=\"1\u00a0Minute\" \/>\n<script type=\"application\/ld+json\" class=\"yoast-schema-graph\">{\"@context\":\"https:\\\/\\\/schema.org\",\"@graph\":[{\"@type\":\"WebPage\",\"@id\":\"https:\\\/\\\/www.florianschwinn.de\\\/wordpress\\\/ffe041-o-schoener-weide-wald\\\/\",\"url\":\"https:\\\/\\\/www.florianschwinn.de\\\/wordpress\\\/ffe041-o-schoener-weide-wald\\\/\",\"name\":\"FFE041 O sch\u00f6ner Weide-Wald\",\"isPartOf\":{\"@id\":\"https:\\\/\\\/www.florianschwinn.de\\\/wordpress\\\/#website\"},\"datePublished\":\"2025-04-03T06:00:00+00:00\",\"description\":\"Der deutsche Wald ist zur CO2-Quelle geworden. Die B\u00e4ume helfen nicht mehr beim Klimaschutz. Was tun? Ganz einfach: Die Waldweide ist die L\u00f6sung!\",\"breadcrumb\":{\"@id\":\"https:\\\/\\\/www.florianschwinn.de\\\/wordpress\\\/ffe041-o-schoener-weide-wald\\\/#breadcrumb\"},\"inLanguage\":\"de\",\"potentialAction\":[{\"@type\":\"ReadAction\",\"target\":[\"https:\\\/\\\/www.florianschwinn.de\\\/wordpress\\\/ffe041-o-schoener-weide-wald\\\/\"]}]},{\"@type\":\"BreadcrumbList\",\"@id\":\"https:\\\/\\\/www.florianschwinn.de\\\/wordpress\\\/ffe041-o-schoener-weide-wald\\\/#breadcrumb\",\"itemListElement\":[{\"@type\":\"ListItem\",\"position\":1,\"name\":\"Startseite\",\"item\":\"https:\\\/\\\/www.florianschwinn.de\\\/wordpress\\\/\"},{\"@type\":\"ListItem\",\"position\":2,\"name\":\"Episoden\",\"item\":\"https:\\\/\\\/www.florianschwinn.de\\\/wordpress\\\/podcast\\\/\"},{\"@type\":\"ListItem\",\"position\":3,\"name\":\"FFE041 O sch\u00f6ner Weide-Wald\"}]},{\"@type\":\"WebSite\",\"@id\":\"https:\\\/\\\/www.florianschwinn.de\\\/wordpress\\\/#website\",\"url\":\"https:\\\/\\\/www.florianschwinn.de\\\/wordpress\\\/\",\"name\":\"F\u00fchrerschein f\u00fcr Einkaufswagen\",\"description\":\"Hintergrundwissen f\u00fcr bewussten Konsum\",\"publisher\":{\"@id\":\"https:\\\/\\\/www.florianschwinn.de\\\/wordpress\\\/#organization\"},\"potentialAction\":[{\"@type\":\"SearchAction\",\"target\":{\"@type\":\"EntryPoint\",\"urlTemplate\":\"https:\\\/\\\/www.florianschwinn.de\\\/wordpress\\\/?s={search_term_string}\"},\"query-input\":{\"@type\":\"PropertyValueSpecification\",\"valueRequired\":true,\"valueName\":\"search_term_string\"}}],\"inLanguage\":\"de\"},{\"@type\":\"Organization\",\"@id\":\"https:\\\/\\\/www.florianschwinn.de\\\/wordpress\\\/#organization\",\"name\":\"F\u00fchrerschein f\u00fcr Einkaufswagen\",\"url\":\"https:\\\/\\\/www.florianschwinn.de\\\/wordpress\\\/\",\"logo\":{\"@type\":\"ImageObject\",\"inLanguage\":\"de\",\"@id\":\"https:\\\/\\\/www.florianschwinn.de\\\/wordpress\\\/#\\\/schema\\\/logo\\\/image\\\/\",\"url\":\"https:\\\/\\\/www.florianschwinn.de\\\/wordpress\\\/wp-content\\\/uploads\\\/2021\\\/08\\\/PodcastCover-scaled.jpg\",\"contentUrl\":\"https:\\\/\\\/www.florianschwinn.de\\\/wordpress\\\/wp-content\\\/uploads\\\/2021\\\/08\\\/PodcastCover-scaled.jpg\",\"width\":2560,\"height\":2560,\"caption\":\"F\u00fchrerschein f\u00fcr Einkaufswagen\"},\"image\":{\"@id\":\"https:\\\/\\\/www.florianschwinn.de\\\/wordpress\\\/#\\\/schema\\\/logo\\\/image\\\/\"},\"sameAs\":[\"https:\\\/\\\/x.com\\\/Journaille\"]}]}<\/script>\n<!-- \/ Yoast SEO plugin. -->","yoast_head_json":{"title":"FFE041 O sch\u00f6ner Weide-Wald","description":"Der deutsche Wald ist zur CO2-Quelle geworden. Die B\u00e4ume helfen nicht mehr beim Klimaschutz. Was tun? Ganz einfach: Die Waldweide ist die L\u00f6sung!","robots":{"index":"index","follow":"follow","max-snippet":"max-snippet:-1","max-image-preview":"max-image-preview:large","max-video-preview":"max-video-preview:-1"},"canonical":"https:\/\/www.florianschwinn.de\/wordpress\/ffe041-o-schoener-weide-wald\/","og_locale":"de_DE","og_type":"article","og_title":"FFE041 O sch\u00f6ner Weide-Wald","og_description":"Der deutsche Wald ist zur CO2-Quelle geworden. Die B\u00e4ume helfen nicht mehr beim Klimaschutz. Was tun? Ganz einfach: Die Waldweide ist die L\u00f6sung!","og_url":"https:\/\/www.florianschwinn.de\/wordpress\/ffe041-o-schoener-weide-wald\/","og_site_name":"F\u00fchrerschein f\u00fcr Einkaufswagen","twitter_card":"summary_large_image","twitter_site":"@Journaille","twitter_misc":{"Gesch\u00e4tzte Lesezeit":"1\u00a0Minute"},"schema":{"@context":"https:\/\/schema.org","@graph":[{"@type":"WebPage","@id":"https:\/\/www.florianschwinn.de\/wordpress\/ffe041-o-schoener-weide-wald\/","url":"https:\/\/www.florianschwinn.de\/wordpress\/ffe041-o-schoener-weide-wald\/","name":"FFE041 O sch\u00f6ner Weide-Wald","isPartOf":{"@id":"https:\/\/www.florianschwinn.de\/wordpress\/#website"},"datePublished":"2025-04-03T06:00:00+00:00","description":"Der deutsche Wald ist zur CO2-Quelle geworden. Die B\u00e4ume helfen nicht mehr beim Klimaschutz. Was tun? Ganz einfach: Die Waldweide ist die L\u00f6sung!","breadcrumb":{"@id":"https:\/\/www.florianschwinn.de\/wordpress\/ffe041-o-schoener-weide-wald\/#breadcrumb"},"inLanguage":"de","potentialAction":[{"@type":"ReadAction","target":["https:\/\/www.florianschwinn.de\/wordpress\/ffe041-o-schoener-weide-wald\/"]}]},{"@type":"BreadcrumbList","@id":"https:\/\/www.florianschwinn.de\/wordpress\/ffe041-o-schoener-weide-wald\/#breadcrumb","itemListElement":[{"@type":"ListItem","position":1,"name":"Startseite","item":"https:\/\/www.florianschwinn.de\/wordpress\/"},{"@type":"ListItem","position":2,"name":"Episoden","item":"https:\/\/www.florianschwinn.de\/wordpress\/podcast\/"},{"@type":"ListItem","position":3,"name":"FFE041 O sch\u00f6ner Weide-Wald"}]},{"@type":"WebSite","@id":"https:\/\/www.florianschwinn.de\/wordpress\/#website","url":"https:\/\/www.florianschwinn.de\/wordpress\/","name":"F\u00fchrerschein f\u00fcr Einkaufswagen","description":"Hintergrundwissen f\u00fcr bewussten Konsum","publisher":{"@id":"https:\/\/www.florianschwinn.de\/wordpress\/#organization"},"potentialAction":[{"@type":"SearchAction","target":{"@type":"EntryPoint","urlTemplate":"https:\/\/www.florianschwinn.de\/wordpress\/?s={search_term_string}"},"query-input":{"@type":"PropertyValueSpecification","valueRequired":true,"valueName":"search_term_string"}}],"inLanguage":"de"},{"@type":"Organization","@id":"https:\/\/www.florianschwinn.de\/wordpress\/#organization","name":"F\u00fchrerschein f\u00fcr Einkaufswagen","url":"https:\/\/www.florianschwinn.de\/wordpress\/","logo":{"@type":"ImageObject","inLanguage":"de","@id":"https:\/\/www.florianschwinn.de\/wordpress\/#\/schema\/logo\/image\/","url":"https:\/\/www.florianschwinn.de\/wordpress\/wp-content\/uploads\/2021\/08\/PodcastCover-scaled.jpg","contentUrl":"https:\/\/www.florianschwinn.de\/wordpress\/wp-content\/uploads\/2021\/08\/PodcastCover-scaled.jpg","width":2560,"height":2560,"caption":"F\u00fchrerschein f\u00fcr Einkaufswagen"},"image":{"@id":"https:\/\/www.florianschwinn.de\/wordpress\/#\/schema\/logo\/image\/"},"sameAs":["https:\/\/x.com\/Journaille"]}]}},"_links":{"self":[{"href":"https:\/\/www.florianschwinn.de\/wordpress\/wp-json\/wp\/v2\/episodes\/3100","targetHints":{"allow":["GET"]}}],"collection":[{"href":"https:\/\/www.florianschwinn.de\/wordpress\/wp-json\/wp\/v2\/episodes"}],"about":[{"href":"https:\/\/www.florianschwinn.de\/wordpress\/wp-json\/wp\/v2\/types\/podcast"}],"author":[{"embeddable":true,"href":"https:\/\/www.florianschwinn.de\/wordpress\/wp-json\/wp\/v2\/users\/1"}],"version-history":[{"count":1,"href":"https:\/\/www.florianschwinn.de\/wordpress\/wp-json\/wp\/v2\/episodes\/3100\/revisions"}],"predecessor-version":[{"id":3101,"href":"https:\/\/www.florianschwinn.de\/wordpress\/wp-json\/wp\/v2\/episodes\/3100\/revisions\/3101"}],"wp:attachment":[{"href":"https:\/\/www.florianschwinn.de\/wordpress\/wp-json\/wp\/v2\/media?parent=3100"}],"wp:term":[{"taxonomy":"category","embeddable":true,"href":"https:\/\/www.florianschwinn.de\/wordpress\/wp-json\/wp\/v2\/categories?post=3100"},{"taxonomy":"post_tag","embeddable":true,"href":"https:\/\/www.florianschwinn.de\/wordpress\/wp-json\/wp\/v2\/tags?post=3100"}],"curies":[{"name":"wp","href":"https:\/\/api.w.org\/{rel}","templated":true}]}}